{"version":"1.0","provider_name":"Foreman Art Gallery","provider_url":"https:\/\/foreman.ubishops.ca\/fr\/","title":"we become singular. | Exposition des finissant\u00b7e\u00b7s en beaux-arts de l\u2019Universit\u00e9 Bishop\u2019s 2023 | Exposition Virtuelle - Foreman Art Gallery","type":"rich","width":600,"height":338,"html":"<blockquote class=\"wp-embedded-content\" data-secret=\"OcL0h22sOy\"><a href=\"https:\/\/foreman.ubishops.ca\/fr\/we-become-singular-exposition-virtuelle\/\">we become singular. | Exposition des finissant\u00b7e\u00b7s en beaux-arts de l\u2019Universit\u00e9 Bishop\u2019s 2023 | Exposition Virtuelle<\/a><\/blockquote><iframe sandbox=\"allow-scripts\" security=\"restricted\" src=\"https:\/\/foreman.ubishops.ca\/fr\/we-become-singular-exposition-virtuelle\/embed\/#?secret=OcL0h22sOy\" width=\"600\" height=\"338\" title=\"\u00ab\u00a0we become singular. | Exposition des finissant\u00b7e\u00b7s en beaux-arts de l\u2019Universit\u00e9 Bishop\u2019s 2023 | Exposition Virtuelle\u00a0\u00bb &#8212; Foreman Art Gallery\" data-secret=\"OcL0h22sOy\" frameborder=\"0\" marginwidth=\"0\" marginheight=\"0\" scrolling=\"no\" class=\"wp-embedded-content\"><\/iframe><script type=\"text\/javascript\">\n\/* <![CDATA[ *\/\n\/*! This file is auto-generated *\/\n!function(d,l){\"use strict\";l.querySelector&&d.addEventListener&&\"undefined\"!=typeof URL&&(d.wp=d.wp||{},d.wp.receiveEmbedMessage||(d.wp.receiveEmbedMessage=function(e){var t=e.data;if((t||t.secret||t.message||t.value)&&!\/[^a-zA-Z0-9]\/.test(t.secret)){for(var s,r,n,a=l.querySelectorAll('iframe[data-secret=\"'+t.secret+'\"]'),o=l.querySelectorAll('blockquote[data-secret=\"'+t.secret+'\"]'),c=new RegExp(\"^https?:$\",\"i\"),i=0;i<o.length;i++)o[i].style.display=\"none\";for(i=0;i<a.length;i++)s=a[i],e.source===s.contentWindow&&(s.removeAttribute(\"style\"),\"height\"===t.message?(1e3<(r=parseInt(t.value,10))?r=1e3:~~r<200&&(r=200),s.height=r):\"link\"===t.message&&(r=new URL(s.getAttribute(\"src\")),n=new URL(t.value),c.test(n.protocol))&&n.host===r.host&&l.activeElement===s&&(d.top.location.href=t.value))}},d.addEventListener(\"message\",d.wp.receiveEmbedMessage,!1),l.addEventListener(\"DOMContentLoaded\",function(){for(var e,t,s=l.querySelectorAll(\"iframe.wp-embedded-content\"),r=0;r<s.length;r++)(t=(e=s[r]).getAttribute(\"data-secret\"))||(t=Math.random().toString(36).substring(2,12),e.src+=\"#?secret=\"+t,e.setAttribute(\"data-secret\",t)),e.contentWindow.postMessage({message:\"ready\",secret:t},\"*\")},!1)))}(window,document);\n\/\/# sourceURL=https:\/\/foreman.ubishops.ca\/wp-includes\/js\/wp-embed.min.js\n\/* ]]> *\/\n<\/script>\n","thumbnail_url":"https:\/\/foreman.ubishops.ca\/wp-content\/uploads\/2022\/07\/foreman_gradshow2023_reseauxsociaux-1.jpg","thumbnail_width":1080,"thumbnail_height":1080,"description":"Au sens premier du cycle comme une s\u00e9quence p\u00e9riodique de ph\u00e9nom\u00e8nes, nos existences sont constitu\u00e9es d\u2019innombrables cycles, rapides et lents, \u00e0 la fois concurrents et successifs. Si la cyclicit\u00e9 implique la r\u00e9p\u00e9tition, elle n\u2019exclut pas la nouveaut\u00e9 ni le changement \u2013 bien au contraire."}